{"id":24,"date":"2015-04-17T02:20:28","date_gmt":"2015-04-17T00:20:28","guid":{"rendered":"http:\/\/marcocueva.com\/?page_id=24"},"modified":"2019-12-11T17:15:34","modified_gmt":"2019-12-11T15:15:34","slug":"resume","status":"publish","type":"page","link":"https:\/\/marcocueva.com\/es\/about\/resume\/","title":{"rendered":"Curriculum"},"content":{"rendered":"<p>\n<table id=\"tablepress-2\" class=\"tablepress tablepress-id-2 curriculum\" aria-describedby=\"tablepress-2-description\">\n<tbody class=\"row-striping row-hover\">\n<tr class=\"row-1\">\n\t<td class=\"column-1\">DATOS PERSONALES:<\/td><td class=\"column-2\"><\/td>\n<\/tr>\n<tr class=\"row-2\">\n\t<td class=\"column-1\">Nacido el 13 de diciembre de 1965 en San Pedro Sula, Honduras, Actualmente reside y trabaja en Str\u00f6msbergs Bruk.<\/td><td class=\"column-2\"><\/td>\n<\/tr>\n<tr class=\"row-3\">\n\t<td class=\"column-1\"><\/td><td class=\"column-2\"><\/td>\n<\/tr>\n<tr class=\"row-4\">\n\t<td class=\"column-1\">EDUCACI\u00d3N<\/td><td class=\"column-2\"><\/td>\n<\/tr>\n<tr class=\"row-5\">\n\t<td class=\"column-1\">1996-97:<\/td><td class=\"column-2\">Konsth\u00f6gskolan, Estocolmo Depto. de Escultura<\/td>\n<\/tr>\n<tr class=\"row-6\">\n\t<td class=\"column-1\">1990-95<\/td><td class=\"column-2\"><\/td>\n<\/tr>\n<tr class=\"row-7\">\n\t<td class=\"column-1\">1987:<\/td><td class=\"column-2\">Estudiante Huesp\u00e9d, Hochschule f\u00fcr Angewandte Kunst, Vienna<\/td>\n<\/tr>\n<tr class=\"row-8\">\n\t<td class=\"column-1\">EXHIBICIONES:<\/td><td class=\"column-2\"><\/td>\n<\/tr>\n<tr class=\"row-9\">\n\t<td class=\"column-1\">2020:<\/td><td class=\"column-2\">\u201cEn Construcci\u00f3n\u201d, Tyres\u00f6 Konsthall, Tyres\u00f6<\/td>\n<\/tr>\n<tr class=\"row-10\">\n\t<td class=\"column-1\">2017:<\/td><td class=\"column-2\">\u201cBajo el Azul de tu Misterio\u201d, Galer\u00eda Charlotte Lund, Stockholm<\/td>\n<\/tr>\n<tr class=\"row-11\">\n\t<td class=\"column-1\">2013:<\/td><td class=\"column-2\">Muestra de Escultura \u201cAlegor\u00edas\u201d, Instituto Hondure\u00f1o de Cultura<\/td>\n<\/tr>\n<tr class=\"row-12\">\n\t<td class=\"column-1\">Hisp\u00e1nica Tegucigalpa, Honduras<\/td><td class=\"column-2\"><\/td>\n<\/tr>\n<tr class=\"row-13\">\n\t<td class=\"column-1\">2011:<\/td><td class=\"column-2\">Muestra de Escultura , Galer\u00eda Charlotte Lund, Estocolmo<\/td>\n<\/tr>\n<tr class=\"row-14\">\n\t<td class=\"column-1\">2007:<\/td><td class=\"column-2\">Muestra de Escultura , Galer\u00eda Charlotte Lund, Estocolmo<\/td>\n<\/tr>\n<tr class=\"row-15\">\n\t<td class=\"column-1\">2004:<\/td><td class=\"column-2\">Muestra de Escultura , Galer\u00eda Nacional de Arte, Tegucigalpa, Honduras<\/td>\n<\/tr>\n<tr class=\"row-16\">\n\t<td class=\"column-1\">2002:<\/td><td class=\"column-2\">Muestra de Escultura , Galer\u00eda Charlotte Lund, Estocolmo<\/td>\n<\/tr>\n<tr class=\"row-17\">\n\t<td class=\"column-1\">2001:<\/td><td class=\"column-2\">Muestra de Escultura, Palacio Municipal, Cop\u00e1n Ruinas, Honduras<\/td>\n<\/tr>\n<tr class=\"row-18\">\n\t<td class=\"column-1\">2000:<\/td><td class=\"column-2\">\u201dEncuentros\u201d, Exposici\u00f3n itinerante. Galer\u00eda Portales, Tegucigalpa;<\/td>\n<\/tr>\n<tr class=\"row-19\">\n\t<td class=\"column-1\">Galer\u00eda C\u00f3dice, Managua; Galer\u00eda Pl\u00e1stica Contempor\u00e1nea, Guatemala<\/td><td class=\"column-2\"><\/td>\n<\/tr>\n<tr class=\"row-20\">\n\t<td class=\"column-1\">1998:<\/td><td class=\"column-2\">Muestra de Escultura , Galer\u00eda Charlotte Lund, Estocolmo<\/td>\n<\/tr>\n<tr class=\"row-21\">\n\t<td class=\"column-1\">EXPOSICIONES COLECTIVAS: <\/td><td class=\"column-2\"><\/td>\n<\/tr>\n<tr class=\"row-22\">\n\t<td class=\"column-1\">2025:<\/td><td class=\"column-2\">\"Himmel och Hav\", CVBArt, B\u00e5stad<\/td>\n<\/tr>\n<tr class=\"row-23\">\n\t<td class=\"column-1\">2023:<\/td><td class=\"column-2\">\u201dUnder Ytan\u201d Parque de esculturas de \u00c4ngelsberg<\/td>\n<\/tr>\n<tr class=\"row-24\">\n\t<td class=\"column-1\">2015:<\/td><td class=\"column-2\">Market, Galleri Charlotte Lund<\/td>\n<\/tr>\n<tr class=\"row-25\">\n\t<td class=\"column-1\">2012:<\/td><td class=\"column-2\">Moln, CVB ART, Estocolmo<\/td>\n<\/tr>\n<tr class=\"row-26\">\n\t<td class=\"column-1\">2012:<\/td><td class=\"column-2\">\u201cMoln\/Clouds\u201d, Museo para Arte P\u00fablico, Lund<\/td>\n<\/tr>\n<tr class=\"row-27\">\n\t<td class=\"column-1\">2012:<\/td><td class=\"column-2\">Konst p\u00e5 V\u00e4g, Tierp<\/td>\n<\/tr>\n<tr class=\"row-28\">\n\t<td class=\"column-1\">2011:<\/td><td class=\"column-2\">\u201c\u00d6rebro Open Art\u201d, \u00d6rebro<\/td>\n<\/tr>\n<tr class=\"row-29\">\n\t<td class=\"column-1\">2011:<\/td><td class=\"column-2\">\u201cGjutj\u00e4rn\u201d, Galer\u00eda de Arte H\u00e4lleforsn\u00e4s<\/td>\n<\/tr>\n<tr class=\"row-30\">\n\t<td class=\"column-1\">2011:<\/td><td class=\"column-2\">\u201cSjukt Bra Konst\u201d, Museo Regional de Estocolmo, Nacka<\/td>\n<\/tr>\n<tr class=\"row-31\">\n\t<td class=\"column-1\">2010:<\/td><td class=\"column-2\">La\u00e7os e Horizontes, Muestra de Escultura; Carlos Sim\u00f5es Ferreira, <\/td>\n<\/tr>\n<tr class=\"row-32\">\n\t<td class=\"column-1\">Marco Cueva. N\u00f9cleo de Arte, Maputo<\/td><td class=\"column-2\"><\/td>\n<\/tr>\n<tr class=\"row-33\">\n\t<td class=\"column-1\">2010:<\/td><td class=\"column-2\">Armory Show, Galer\u00eda Charlotte Lund, New York City<\/td>\n<\/tr>\n<tr class=\"row-34\">\n\t<td class=\"column-1\">2009:<\/td><td class=\"column-2\">Arcomadrid, Galer\u00eda Charlotte Lund, Madrid<\/td>\n<\/tr>\n<tr class=\"row-35\">\n\t<td class=\"column-1\">2008:<\/td><td class=\"column-2\">Diversidade Marco Cueva, Mieke Oldenburg, Karol Vall\u00e9e, Pierre Mathieu; Centro Cultural Franco-Mo\u00e7ambicano, Maputo<\/td>\n<\/tr>\n<tr class=\"row-36\">\n\t<td class=\"column-1\">2007:<\/td><td class=\"column-2\">Odisseia Marco Cueva, Mieke Oldenburg, Ndlozy, Ulisses Oviedo, <\/td>\n<\/tr>\n<tr class=\"row-37\">\n\t<td class=\"column-1\">Centro Cultural Franco-Mo\u00e7ambicano, Maputo <\/td><td class=\"column-2\"><\/td>\n<\/tr>\n<tr class=\"row-38\">\n\t<td class=\"column-1\">2006:<\/td><td class=\"column-2\">Market, Galer\u00eda Charlotte Lund, Estocolmo <\/td>\n<\/tr>\n<tr class=\"row-39\">\n\t<td class=\"column-1\">2006:<\/td><td class=\"column-2\">\u201cKonst p\u00e5 V\u00e4g\u201d, Tierp<\/td>\n<\/tr>\n<tr class=\"row-40\">\n\t<td class=\"column-1\">2006:<\/td><td class=\"column-2\">Marco Cueva, Leif Palmquist, Anne Thulin, Galer\u00eda Charlotte Lund<\/td>\n<\/tr>\n<tr class=\"row-41\">\n\t<td class=\"column-1\">2005:<\/td><td class=\"column-2\">Stockholms Art Fair, Galer\u00eda Charlotte Lund<\/td>\n<\/tr>\n<tr class=\"row-42\">\n\t<td class=\"column-1\">2001:<\/td><td class=\"column-2\">Galer\u00eda Charlotte Lund, M\u00e5leriutst\u00e4llning<\/td>\n<\/tr>\n<tr class=\"row-43\">\n\t<td class=\"column-1\">2001:<\/td><td class=\"column-2\"><\/td>\n<\/tr>\n<tr class=\"row-44\">\n\t<td class=\"column-1\">1999:<\/td><td class=\"column-2\">Stockholms Art Fair, Galer\u00eda Charlotte Lund, Estocolmo<\/td>\n<\/tr>\n<tr class=\"row-45\">\n\t<td class=\"column-1\">PROYECTOS Y TRABAJOS PUBLICOS:<\/td><td class=\"column-2\"><\/td>\n<\/tr>\n<tr class=\"row-46\">\n\t<td class=\"column-1\">2024:<\/td><td class=\"column-2\">Comisi\u00f3n de Arte P\u00fablica:  Hospital de Hudiksvall, Hudiksvall<\/td>\n<\/tr>\n<tr class=\"row-47\">\n\t<td class=\"column-1\">2024:<\/td><td class=\"column-2\">Comisi\u00f3n de Arte P\u00fablica:  Nuevo Hospital Psiqui\u00e1trico, V\u00e4stervik<\/td>\n<\/tr>\n<tr class=\"row-48\">\n\t<td class=\"column-1\">2024:<\/td><td class=\"column-2\">Comisi\u00f3n de Arte P\u00fablica:  Preescolar\u00c4ventyret, Bor\u00e5s<\/td>\n<\/tr>\n<tr class=\"row-49\">\n\t<td class=\"column-1\">2023:<\/td><td class=\"column-2\">Comisi\u00f3n de Arte P\u00fablica:  Hogslaby, Botkyrka Kommun<\/td>\n<\/tr>\n<tr class=\"row-50\">\n\t<td class=\"column-1\">2023:<\/td><td class=\"column-2\">Comisi\u00f3n de Arte P\u00fablica:  Rannebergen, Gotemburgo<\/td>\n<\/tr>\n<tr class=\"row-51\">\n\t<td class=\"column-1\">2021:<\/td><td class=\"column-2\">Comisi\u00f3n de Boceto para  Hospital Danderyds, Stockholm<\/td>\n<\/tr>\n<tr class=\"row-52\">\n\t<td class=\"column-1\">2021:<\/td><td class=\"column-2\">Comisi\u00f3n de Boceto para  Hogar de ancianos Skiftinge, Eskilstuna<\/td>\n<\/tr>\n<tr class=\"row-53\">\n\t<td class=\"column-1\">2020:<\/td><td class=\"column-2\">Comisi\u00f3n de Arte P\u00fablica:  Hogar de ancianos  Slottet, Falun<\/td>\n<\/tr>\n<tr class=\"row-54\">\n\t<td class=\"column-1\">2019:<\/td><td class=\"column-2\">Comisi\u00f3n de Arte P\u00fablica: Preescolar Merkuriusgatan, G\u00f6teborg<\/td>\n<\/tr>\n<tr class=\"row-55\">\n\t<td class=\"column-1\">2018:<\/td><td class=\"column-2\">Universidad de Link\u00f6ping, Region \u00d6sterg\u00f6tland<\/td>\n<\/tr>\n<tr class=\"row-56\">\n\t<td class=\"column-1\">2018:<\/td><td class=\"column-2\">Comisi\u00f3n de Arte P\u00fablica: Hogar de ancianos Karlslunds, \u00d6rebro<\/td>\n<\/tr>\n<tr class=\"row-57\">\n\t<td class=\"column-1\">2015-2016:<\/td><td class=\"column-2\">Comisi\u00f3n de Arte P\u00fablica: Rinkeby Terrassen, Estocolmo<\/td>\n<\/tr>\n<tr class=\"row-58\">\n\t<td class=\"column-1\">2015:<\/td><td class=\"column-2\">Comisi\u00f3n de Arte P\u00fablica:  Hogar de ancianos Oskarslund, Karlstad<\/td>\n<\/tr>\n<tr class=\"row-59\">\n\t<td class=\"column-1\">2015:<\/td><td class=\"column-2\">Comisi\u00f3n de Arte P\u00fablica: Kv. T\u00e4ltl\u00e4gret, Estocolmo<\/td>\n<\/tr>\n<tr class=\"row-60\">\n\t<td class=\"column-1\">2014:<\/td><td class=\"column-2\">Comisi\u00f3n de Boceto para  Kv. Revsk\u00e4r 4, Estocolmo<\/td>\n<\/tr>\n<tr class=\"row-61\">\n\t<td class=\"column-1\">2014:<\/td><td class=\"column-2\">Norrt\u00e4lje Lasarett<\/td>\n<\/tr>\n<tr class=\"row-62\">\n\t<td class=\"column-1\">2014:<\/td><td class=\"column-2\">Nya Karolinska, Solna<\/td>\n<\/tr>\n<tr class=\"row-63\">\n\t<td class=\"column-1\">2013:<\/td><td class=\"column-2\">Hotel para Pacientes de \u00c5rstaviken, S\u00f6dersHospitalet Estocolmo<\/td>\n<\/tr>\n<tr class=\"row-64\">\n\t<td class=\"column-1\">2012:<\/td><td class=\"column-2\">Museo para Arte P\u00fablico, Lund<\/td>\n<\/tr>\n<tr class=\"row-65\">\n\t<td class=\"column-1\">2011:<\/td><td class=\"column-2\">H\u00f6gskolan i J\u00f6nk\u00f6ping<\/td>\n<\/tr>\n<tr class=\"row-66\">\n\t<td class=\"column-1\">2007:<\/td><td class=\"column-2\">Corte Administrativa Regional de Estocolmo<\/td>\n<\/tr>\n<tr class=\"row-67\">\n\t<td class=\"column-1\">2004:<\/td><td class=\"column-2\">\u201dArte para Todos\", I Encuentro de Artistas del Mundo para Honduras, Proyecto de los Voluntarios de las Naciones Unidas <\/td>\n<\/tr>\n<tr class=\"row-68\">\n\t<td class=\"column-1\">2003:<\/td><td class=\"column-2\">Fundaci\u00f3n Ortiz-Gurdian, Le\u00f3n Nicaragua<\/td>\n<\/tr>\n<tr class=\"row-69\">\n\t<td class=\"column-1\">2001:<\/td><td class=\"column-2\">Galer\u00eda Nacional de Arte, Tegucigalpa Honduras<\/td>\n<\/tr>\n<tr class=\"row-70\">\n\t<td class=\"column-1\">2001:<\/td><td class=\"column-2\">Colegio de Farsta, Estocolmo, Statens Konstr\u00e5d, Estocolmos Stads Konstr\u00e5d<\/td>\n<\/tr>\n<tr class=\"row-71\">\n\t<td class=\"column-1\">1998:<\/td><td class=\"column-2\">Hagalunds Centrum, Solna <\/td>\n<\/tr>\n<tr class=\"row-72\">\n\t<td class=\"column-1\">1995:<\/td><td class=\"column-2\">Proyecto \"Arte Joven\/Ciencia Joven\", Grupo de esculturas instaladas en la Universidad de Link\u00f6ping<\/td>\n<\/tr>\n<tr class=\"row-73\">\n\t<td class=\"column-1\">PREMIOS Y BECAS:<\/td><td class=\"column-2\"><\/td>\n<\/tr>\n<tr class=\"row-74\">\n\t<td class=\"column-1\">2012:<\/td><td class=\"column-2\">Fundaci\u00f3n Endre Nemes<\/td>\n<\/tr>\n<tr class=\"row-75\">\n\t<td class=\"column-1\">2012:<\/td><td class=\"column-2\">Verner \u00c5kermans Stipendium, La Real Academia Sueca de Arte<\/td>\n<\/tr>\n<tr class=\"row-76\">\n\t<td class=\"column-1\">2007:<\/td><td class=\"column-2\">Arbetsstipendium, Concilio Sueco para las Artes<\/td>\n<\/tr>\n<tr class=\"row-77\">\n\t<td class=\"column-1\">2005:<\/td><td class=\"column-2\">Estocolmos Stads Kulturstipendium<\/td>\n<\/tr>\n<tr class=\"row-78\">\n\t<td class=\"column-1\">2001:<\/td><td class=\"column-2\">Arbetsstipendium, Concilio Sueco para las Artes<\/td>\n<\/tr>\n<tr class=\"row-79\">\n\t<td class=\"column-1\">1998:<\/td><td class=\"column-2\">Emil Bergs Donations Fond, La Real Academia Sueca de Arte<\/td>\n<\/tr>\n<tr class=\"row-80\">\n\t<td class=\"column-1\">1998:<\/td><td class=\"column-2\">Arbetsstipendium, Concilio Sueco para las Artes<\/td>\n<\/tr>\n<tr class=\"row-81\">\n\t<td class=\"column-1\">1996:<\/td><td class=\"column-2\">Gerhard Bonniers Donations Fond, La Real Academia Sueca de Arte<\/td>\n<\/tr>\n<tr class=\"row-82\">\n\t<td class=\"column-1\">1996:<\/td><td class=\"column-2\">Premio Anual de Escultura, Municipalidad de \u00d6stra G\u00f6inge<\/td>\n<\/tr>\n<\/tbody>\n<\/table>\n<span id=\"tablepress-2-description\" class=\"tablepress-table-description tablepress-table-description-id-2\">Curriculum Vitae 2015-04-17<\/span>\n<!-- #tablepress-2 from cache --><\/p>\n<div class=\"gallery-frame \">","protected":false},"excerpt":{"rendered":"","protected":false},"author":1,"featured_media":0,"parent":5,"menu_order":0,"comment_status":"closed","ping_status":"open","template":"","meta":{"jetpack_post_was_ever_published":false,"footnotes":""},"class_list":["post-24","page","type-page","status-publish","hentry"],"jetpack_shortlink":"https:\/\/wp.me\/P63sn4-o","jetpack-related-posts":[{"id":13,"url":"https:\/\/marcocueva.com\/es\/artist-portfolio\/","url_meta":{"origin":24,"position":0},"title":"Portafolio","author":"Marco Cueva","date":"abril 17, 2015","format":false,"excerpt":"","rel":"","context":"Entrada similar","block_context":{"text":"Entrada similar","link":""},"img":{"alt_text":"","src":"","width":0,"height":0},"classes":[]},{"id":11,"url":"https:\/\/marcocueva.com\/es\/about\/contact\/","url_meta":{"origin":24,"position":1},"title":"Cont\u00e1ctame","author":"Marco Cueva","date":"abril 17, 2015","format":false,"excerpt":"Para m\u00e1s informaci\u00f3n escr\u00edbeme a Correo: studio{at}marcocueva.com Tel: +46(0)739281788","rel":"","context":"Entrada similar","block_context":{"text":"Entrada similar","link":""},"img":{"alt_text":"","src":"","width":0,"height":0},"classes":[]},{"id":34,"url":"https:\/\/marcocueva.com\/es\/","url_meta":{"origin":24,"position":2},"title":"Inicio","author":"Marco Cueva","date":"abril 17, 2015","format":false,"excerpt":"","rel":"","context":"Entrada similar","block_context":{"text":"Entrada similar","link":""},"img":{"alt_text":"","src":"","width":0,"height":0},"classes":[]},{"id":31,"url":"https:\/\/marcocueva.com\/es\/blog\/","url_meta":{"origin":24,"position":3},"title":"Bl\u00f3g","author":"Marco Cueva","date":"abril 17, 2015","format":false,"excerpt":"","rel":"","context":"Entrada similar","block_context":{"text":"Entrada similar","link":""},"img":{"alt_text":"","src":"","width":0,"height":0},"classes":[]},{"id":4896,"url":"https:\/\/marcocueva.com\/es\/artist-portfolio\/the-garden-of-earthly-delights\/","url_meta":{"origin":24,"position":4},"title":"El Jard\u00edn de las Delicias","author":"Marco Cueva","date":"septiembre 12, 2023","format":false,"excerpt":"\u00a0 Obra de arte: El Jard\u00edn de las Delicias A\u00f1o: 2023 Artista: Marco Cueva Material: Esculturas en granito de diferentes colores y diferentes partes del mundo Lugar: Terrenos del parque de Rannebergen en Gotemburgo Cliente: Bostadsbolaget G\u00f6teborg Asesora de arte: Pia Mauno El artista Marco Cueva, con sus esculturas de\u2026","rel":"","context":"Entrada similar","block_context":{"text":"Entrada similar","link":""},"img":{"alt_text":"","src":"https:\/\/i0.wp.com\/media1.marcocueva.com\/Rannebergen-1-of-2-2.jpg?fit=1200%2C900&ssl=1&resize=350%2C200","width":350,"height":200,"srcset":"https:\/\/i0.wp.com\/media1.marcocueva.com\/Rannebergen-1-of-2-2.jpg?fit=1200%2C900&ssl=1&resize=350%2C200 1x, https:\/\/i0.wp.com\/media1.marcocueva.com\/Rannebergen-1-of-2-2.jpg?fit=1200%2C900&ssl=1&resize=525%2C300 1.5x, https:\/\/i0.wp.com\/media1.marcocueva.com\/Rannebergen-1-of-2-2.jpg?fit=1200%2C900&ssl=1&resize=700%2C400 2x, https:\/\/i0.wp.com\/media1.marcocueva.com\/Rannebergen-1-of-2-2.jpg?fit=1200%2C900&ssl=1&resize=1050%2C600 3x"},"classes":[]},{"id":5,"url":"https:\/\/marcocueva.com\/es\/about\/","url_meta":{"origin":24,"position":5},"title":"Datos Biogr\u00e1ficos","author":"Marco Cueva","date":"abril 16, 2015","format":false,"excerpt":"Acerca de... Marco Cueva: escultor. Nacido en 1965 en San Pedro Sula, Honduras. 1990-96 Estudios de arte en Kungliga Konsth\u00f6gskolan (Real Escuela Superior de Bellas Artes) en Estocolmo. Vivo y trabajo en Str\u00f6msbergs Bruk. Mi Trabajo: Mediante la escultura trato de investigar c\u00f3mo s\u00edmbolos y motivos culturales se transforman y\u2026","rel":"","context":"Entrada similar","block_context":{"text":"Entrada similar","link":""},"img":{"alt_text":"","src":"","width":0,"height":0},"classes":[]}],"jetpack_sharing_enabled":true,"_links":{"self":[{"href":"https:\/\/marcocueva.com\/es\/wp-json\/wp\/v2\/pages\/24","targetHints":{"allow":["GET"]}}],"collection":[{"href":"https:\/\/marcocueva.com\/es\/wp-json\/wp\/v2\/pages"}],"about":[{"href":"https:\/\/marcocueva.com\/es\/wp-json\/wp\/v2\/types\/page"}],"author":[{"embeddable":true,"href":"https:\/\/marcocueva.com\/es\/wp-json\/wp\/v2\/users\/1"}],"replies":[{"embeddable":true,"href":"https:\/\/marcocueva.com\/es\/wp-json\/wp\/v2\/comments?post=24"}],"version-history":[{"count":1,"href":"https:\/\/marcocueva.com\/es\/wp-json\/wp\/v2\/pages\/24\/revisions"}],"predecessor-version":[{"id":25,"href":"https:\/\/marcocueva.com\/es\/wp-json\/wp\/v2\/pages\/24\/revisions\/25"}],"up":[{"embeddable":true,"href":"https:\/\/marcocueva.com\/es\/wp-json\/wp\/v2\/pages\/5"}],"wp:attachment":[{"href":"https:\/\/marcocueva.com\/es\/wp-json\/wp\/v2\/media?parent=24"}],"curies":[{"name":"wp","href":"https:\/\/api.w.org\/{rel}","templated":true}]}}